{"id":829,"date":"2014-02-14T17:32:19","date_gmt":"2014-02-14T15:32:19","guid":{"rendered":"http:\/\/www.freiheitskaempfer.at\/?page_id=829"},"modified":"2014-02-14T17:42:39","modified_gmt":"2014-02-14T15:42:39","slug":"kranzniederlegung-11-februar-2014","status":"publish","type":"page","link":"https:\/\/www.freiheitskaempfer.at\/?page_id=829","title":{"rendered":"Kranzniederlegung 11. Februar 2014"},"content":{"rendered":"\n\t\t<style type=\"text\/css\">\n\t\t\t#gallery-1 {\n\t\t\t\tmargin: auto;\n\t\t\t}\n\t\t\t#gallery-1 .gallery-item {\n\t\t\t\tfloat: left;\n\t\t\t\tmargin-top: 10px;\n\t\t\t\ttext-align: center;\n\t\t\t\twidth: 33%;\n\t\t\t}\n\t\t\t#gallery-1 img {\n\t\t\t\tborder: 2px solid #cfcfcf;\n\t\t\t}\n\t\t\t#gallery-1 .gallery-caption {\n\t\t\t\tmargin-left: 0;\n\t\t\t}\n\t\t\t\/* see gallery_shortcode() in wp-includes\/media.php *\/\n\t\t<\/style>\n\t\t<div id='gallery-1' class='gallery galleryid-829 gallery-columns-3 gallery-size-thumbnail'><dl class='gallery-item'>\n\t\t\t<dt class='gallery-icon landscape'>\n\t\t\t\t<a href='https:\/\/www.freiheitskaempfer.at\/?attachment_id=832'><img loading=\"lazy\" decoding=\"async\" width=\"150\" height=\"150\" src=\"https:\/\/www.freiheitskaempfer.at\/wp-content\/uploads\/2014\/02\/Bild_3-Kranzniederlegung-BK_BKStv_11.2.14-150x150.jpg\" class=\"attachment-thumbnail size-thumbnail\" alt=\"\" aria-describedby=\"gallery-1-832\" \/><\/a>\n\t\t\t<\/dt>\n\t\t\t\t<dd class='wp-caption-text gallery-caption' id='gallery-1-832'>\n\t\t\t\tMitte: Bundeskanzler Werner Faymann und K\u00e4the Sasso. Bildquelle: BKA\n\t\t\t\t<\/dd><\/dl><dl class='gallery-item'>\n\t\t\t<dt class='gallery-icon landscape'>\n\t\t\t\t<a href='https:\/\/www.freiheitskaempfer.at\/?attachment_id=831'><img loading=\"lazy\" decoding=\"async\" width=\"150\" height=\"150\" src=\"https:\/\/www.freiheitskaempfer.at\/wp-content\/uploads\/2014\/02\/Bild_2-Kranzniederlegung-BK_BKStv_11.2.14-150x150.jpg\" class=\"attachment-thumbnail size-thumbnail\" alt=\"\" aria-describedby=\"gallery-1-831\" \/><\/a>\n\t\t\t<\/dt>\n\t\t\t\t<dd class='wp-caption-text gallery-caption' id='gallery-1-831'>\n\t\t\t\tVon rechts nach links: BKStv. Michael Spindelegger &#8211;  BK Werner Faymann &#8211; Prof. Johannes Schwantner Bundesvorsitzender der Freiheitsk\u00e4mpfer &#8211; Gerhard Kastelic \u00d6VP-Kameradschaft. Bildquelle: BKA\n\t\t\t\t<\/dd><\/dl><dl class='gallery-item'>\n\t\t\t<dt class='gallery-icon portrait'>\n\t\t\t\t<a href='https:\/\/www.freiheitskaempfer.at\/?attachment_id=830'><img loading=\"lazy\" decoding=\"async\" width=\"150\" height=\"150\" src=\"https:\/\/www.freiheitskaempfer.at\/wp-content\/uploads\/2014\/02\/Bild_1-Kranzniederlegung-BK_BKStv_11.2.14-150x150.jpg\" class=\"attachment-thumbnail size-thumbnail\" alt=\"\" aria-describedby=\"gallery-1-830\" \/><\/a>\n\t\t\t<\/dt>\n\t\t\t\t<dd class='wp-caption-text gallery-caption' id='gallery-1-830'>\n\t\t\t\tVon rechts nach links: BKStv. Michael Spindelegger &#8211;  BK Werner Faymann &#8211; Prof. Johannes Schwantner Bundesvorsitzender der Freiheitsk\u00e4mpfer &#8211; Gerhard Kastelic \u00d6VP-Kameradschaft. Bildquelle: BKA\n\t\t\t\t<\/dd><\/dl><br style=\"clear: both\" \/>\n\t\t<\/div>\n\n<p>Am 11.Februar 2014 legte Bundeskanzler Werner Faymann gemeinsam mit Finanzminister und Vizekanzler Michael Spindelegger und den Vertreterinnen und Vertretern der Opferverb\u00e4nde einen Kranz beim Mahnmal der Stadt Wien, &#8222;Den Opfern f\u00fcr ein freies \u00d6sterreich 1934-1945&#8220;, nieder.<\/p>\n","protected":false},"excerpt":{"rendered":"<p>Am 11.Februar 2014 legte Bundeskanzler Werner Faymann gemeinsam mit Finanzminister und Vizekanzler Michael Spindelegger und den Vertreterinnen und Vertretern der Opferverb\u00e4nde einen Kranz beim Mahnmal der Stadt Wien, &#8222;Den Opfern f\u00fcr ein freies \u00d6sterreich 1934-1945&#8220;, nieder.<\/p>\n","protected":false},"author":2,"featured_media":0,"parent":477,"menu_order":0,"comment_status":"open","ping_status":"open","template":"","meta":{"ngg_post_thumbnail":0,"footnotes":""},"class_list":["post-829","page","type-page","status-publish","hentry"],"_links":{"self":[{"href":"https:\/\/www.freiheitskaempfer.at\/index.php?rest_route=\/wp\/v2\/pages\/829","targetHints":{"allow":["GET"]}}],"collection":[{"href":"https:\/\/www.freiheitskaempfer.at\/index.php?rest_route=\/wp\/v2\/pages"}],"about":[{"href":"https:\/\/www.freiheitskaempfer.at\/index.php?rest_route=\/wp\/v2\/types\/page"}],"author":[{"embeddable":true,"href":"https:\/\/www.freiheitskaempfer.at\/index.php?rest_route=\/wp\/v2\/users\/2"}],"replies":[{"embeddable":true,"href":"https:\/\/www.freiheitskaempfer.at\/index.php?rest_route=%2Fwp%2Fv2%2Fcomments&post=829"}],"version-history":[{"count":1,"href":"https:\/\/www.freiheitskaempfer.at\/index.php?rest_route=\/wp\/v2\/pages\/829\/revisions"}],"predecessor-version":[{"id":833,"href":"https:\/\/www.freiheitskaempfer.at\/index.php?rest_route=\/wp\/v2\/pages\/829\/revisions\/833"}],"up":[{"embeddable":true,"href":"https:\/\/www.freiheitskaempfer.at\/index.php?rest_route=\/wp\/v2\/pages\/477"}],"wp:attachment":[{"href":"https:\/\/www.freiheitskaempfer.at\/index.php?rest_route=%2Fwp%2Fv2%2Fmedia&parent=829"}],"curies":[{"name":"wp","href":"https:\/\/api.w.org\/{rel}","templated":true}]}}