{"id":131,"date":"2013-03-30T19:41:50","date_gmt":"2013-03-30T17:41:50","guid":{"rendered":"http:\/\/kaempfer.headroom.at\/?page_id=131"},"modified":"2025-02-10T20:35:55","modified_gmt":"2025-02-10T18:35:55","slug":"landesverbande","status":"publish","type":"page","link":"https:\/\/www.freiheitskaempfer.at\/?page_id=131","title":{"rendered":"Landesverb\u00e4nde"},"content":{"rendered":"<table border=\"1\" width=\"530\" cellspacing=\"0\" cellpadding=\"0\">\n<tbody>\n<tr>\n<td valign=\"top\" width=\"268\">\n<h4>&nbsp;<\/h4>\n<h4>Landesverband BURGENLAND<img loading=\"lazy\" decoding=\"async\" class=\"size-full wp-image-1725 alignright\" src=\"https:\/\/www.freiheitskaempfer.at\/wp-content\/uploads\/2020\/08\/Gabi-Tremmel-Yakali-1712-1.jpg\" alt=\"\" width=\"150\" height=\"173\"><\/h4>\n<p><i>Vorsitzende: Mag.a Gabi Tremmel-Yakali<\/i><\/p>\n<p>7000 Eisenstadt, Permayerstra\u00dfe 2<br \/>\nTelefon: 02682 775 0,<br \/>\nFax: 02682 775 210<\/p>\n<p>Mail: <a href=\"mailto:freiheitskaempferinnen.bgld@gmail.com\" target=\"_blank\" rel=\"noopener noreferrer\">freiheitskaempferinnen.bgld@gmail.com<\/a>&nbsp;<\/td>\n<\/tr>\n<tr>\n<td valign=\"top\" width=\"268\">\n<h4>&nbsp;<\/h4>\n<p><img loading=\"lazy\" decoding=\"async\" class=\"alignright wp-image-1728\" src=\"https:\/\/www.freiheitskaempfer.at\/wp-content\/uploads\/2020\/09\/Poertschach-Gressl-137-246x300.jpg\" alt=\"\" width=\"150\" height=\"183\" srcset=\"https:\/\/www.freiheitskaempfer.at\/wp-content\/uploads\/2020\/09\/Poertschach-Gressl-137-246x300.jpg 246w, https:\/\/www.freiheitskaempfer.at\/wp-content\/uploads\/2020\/09\/Poertschach-Gressl-137-841x1024.jpg 841w, https:\/\/www.freiheitskaempfer.at\/wp-content\/uploads\/2020\/09\/Poertschach-Gressl-137-768x935.jpg 768w, https:\/\/www.freiheitskaempfer.at\/wp-content\/uploads\/2020\/09\/Poertschach-Gressl-137-1262x1536.jpg 1262w, https:\/\/www.freiheitskaempfer.at\/wp-content\/uploads\/2020\/09\/Poertschach-Gressl-137.jpg 1508w\" sizes=\"auto, (max-width: 150px) 100vw, 150px\" \/><\/p>\n<h4>Landesverband K\u00c4RNTEN<\/h4>\n<p>Vorsitzender: Martin Gressl<\/p>\n<p>9020 Klagenfurt, Bahnhofstra\u00dfe 44<br \/>\nTelefon: 0463 5870-341&nbsp;<br \/>\nE-Mail: <a href=\"mailto:martin.gressl@gmx.at\" target=\"_blank\" rel=\"noopener noreferrer\">martin.gressl@gmx.at&nbsp;<\/a><\/td>\n<\/tr>\n<tr>\n<td valign=\"top\" width=\"268\">\n<h4>&nbsp;<\/h4>\n<h4>Landesverband NIEDER\u00d6STERREICH<\/h4>\n<p><i><a href=\"https:\/\/www.freiheitskaempfer.at\/wp-content\/uploads\/2013\/03\/heinzl.jpg\"><img loading=\"lazy\" decoding=\"async\" class=\"size-full wp-image-149 alignright\" src=\"https:\/\/www.freiheitskaempfer.at\/wp-content\/uploads\/2013\/03\/heinzl.jpg\" alt=\"heinzl\" width=\"150\" height=\"225\"><\/a><\/i><\/p>\n<p><i>Vorsitzender: Abg. z. N.R.a.D. Anton Heinzl\u2028<\/i><\/p>\n<p><i>gesch\u00e4ftsf. Vorsitzender: GR.a.D. Harald Ludwig<\/i><\/p>\n<p>3100 St. P\u00f6lten, Nieder\u00f6sterreich Ring 1a<br \/>\nTelefon: 02742 35 21 34,<br \/>\nFax: 02742 35 73 93<br \/>\nE-Mail: <a href=\"mailto:harald_ludwig@mac.com\">harald_ludwig@mac.com<\/a><\/td>\n<\/tr>\n<tr>\n<td valign=\"top\" width=\"268\">\n<h4>&nbsp;<\/h4>\n<h4>Landesverband OBER\u00d6STERREICH<\/h4>\n<p>Vorsitzender: Samuel Puttinger<\/p>\n<p>A-4020 Linz, Kaisergasse 15a<img loading=\"lazy\" decoding=\"async\" class=\" wp-image-1917 alignright\" src=\"https:\/\/www.freiheitskaempfer.at\/wp-content\/uploads\/2025\/02\/Foto-Homepage-FK-OOe-300x300.jpg\" alt=\"\" width=\"148\" height=\"148\" srcset=\"https:\/\/www.freiheitskaempfer.at\/wp-content\/uploads\/2025\/02\/Foto-Homepage-FK-OOe-300x300.jpg 300w, https:\/\/www.freiheitskaempfer.at\/wp-content\/uploads\/2025\/02\/Foto-Homepage-FK-OOe-150x150.jpg 150w, https:\/\/www.freiheitskaempfer.at\/wp-content\/uploads\/2025\/02\/Foto-Homepage-FK-OOe.jpg 500w\" sizes=\"auto, (max-width: 148px) 100vw, 148px\" \/><br \/>\nTelefon: 0677 62 19 15 67<br \/>\nE-Mail: <a href=\"mailto:office@freiheitskaempfer-ooe.at\" target=\"_blank\" rel=\"noopener noreferrer\">office@freiheitskaempfer-ooe.at<\/a><\/td>\n<\/tr>\n<tr>\n<td valign=\"top\" width=\"268\">\n<h4>Landesverband SALZBURG<\/h4>\n<p><i>Vorsitzender:&nbsp;Matteo Gebhart<\/i><\/p>\n<p>5020 Salzburg, Wartelsteinstra\u00dfe 1<img loading=\"lazy\" decoding=\"async\" class=\"alignright wp-image-1335 size-thumbnail\" src=\"https:\/\/www.freiheitskaempfer.at\/wp-content\/uploads\/2016\/09\/Bildschirmfoto-2016-09-14-um-22.47.31-150x150.png\" alt=\"Matteo Gebhard\" width=\"150\" height=\"150\" srcset=\"https:\/\/www.freiheitskaempfer.at\/wp-content\/uploads\/2016\/09\/Bildschirmfoto-2016-09-14-um-22.47.31-150x150.png 150w, https:\/\/www.freiheitskaempfer.at\/wp-content\/uploads\/2016\/09\/Bildschirmfoto-2016-09-14-um-22.47.31-350x348.png 350w\" sizes=\"auto, (max-width: 150px) 100vw, 150px\" \/><\/p>\n<p>Telefon: 0662 42 45 00 400<br \/>\nFax: 0662 42 45 00 9400<br \/>\nE-Mail:<br \/>\nHomepage: <a href=\"http:\/\/www.freiheitskaempfer-salzburg.at\">www.freiheitskaempfer-salzburg.at<\/a><\/td>\n<\/tr>\n<tr>\n<td valign=\"top\" width=\"268\">\n<h4>Landesverband STEIERMARK<\/h4>\n<p><i>Vorsitzender: MMag. DDr. Werner Anzenberger<\/i><\/p>\n<p>8020 Graz , Eggenberger Allee 49<br \/>\nTelefon: 0664&nbsp;501 22 30<img loading=\"lazy\" decoding=\"async\" class=\" size-thumbnail wp-image-1339 alignright\" src=\"https:\/\/www.freiheitskaempfer.at\/wp-content\/uploads\/2016\/09\/Bildschirmfoto-2016-09-14-um-22.48.21-150x150.png\" alt=\"Anzenberger\" width=\"150\" height=\"150\"><\/p>\n<p>E-Mail: <a href=\"mailto:steirischefreiheit@gmail.com\" target=\"_blank\" rel=\"noopener noreferrer\">steirischefreiheit@gmail.com<\/a><\/p>\n<p>Homepage: <a href=\"http:\/\/www.werneranzenberger.at\" target=\"_blank\" rel=\"noopener noreferrer\">www.werneranzenberger.at<\/a><\/td>\n<\/tr>\n<tr>\n<td valign=\"top\" width=\"268\">\n<h4>Landesverband TIROL<\/h4>\n<p><i>Vorsitzende:&nbsp;LAbg. Elisabeth Fleischanderl<img loading=\"lazy\" decoding=\"async\" class=\"size-full wp-image-1619 alignright\" src=\"https:\/\/www.freiheitskaempfer.at\/wp-content\/uploads\/2013\/03\/Elisabeth_15062017_06-2-1.jpg\" alt=\"\" width=\"133\" height=\"200\"><\/i><\/p>\n<p>6020 Innsbruck, Salurnerstra\u00dfe 2<br \/>\nTelefon: 0512 53 66-17,<br \/>\nFax: 0512 53 66 44<br \/>\nE-Mail: <a href=\"mailto:freiheitskaempfer@spoe-tirol.at\">freiheitskaempfer@spoe-tirol.at<\/a><br \/>\nHomepage: <a href=\"https:\/\/www.freiheitskaempfer.tirol\/\" target=\"_blank\" rel=\"noopener\">https:\/\/www.freiheitskaempfer.tirol\/&nbsp;<\/a><\/td>\n<\/tr>\n<tr>\n<td valign=\"top\" width=\"268\">\n<h4>Landesverband WIEN<\/h4>\n<p><i>Vorsitzender: Dr. Gerald Netzl<a href=\"https:\/\/www.freiheitskaempfer.at\/wp-content\/uploads\/2014\/03\/Netzl_2012.jpg\"><img loading=\"lazy\" decoding=\"async\" class=\"wp-image-846 alignright\" src=\"https:\/\/www.freiheitskaempfer.at\/wp-content\/uploads\/2014\/03\/Netzl_2012.jpg\" alt=\"Dr. Gerald Netzl\" width=\"133\" height=\"200\"><\/a><br \/>\n<\/i><\/p>\n<p>1010 Wien, L\u00f6welstra\u00dfe 18<br \/>\nTelefon: 01 53427 277<br \/>\nFax : 01 53427 258<br \/>\nE-Mail: <a href=\"mailto:kaempfer@spoe.at\">kaempfer@spoe.at<\/a><\/td>\n<\/tr>\n<\/tbody>\n<\/table>\n","protected":false},"excerpt":{"rendered":"<p>&nbsp; Landesverband BURGENLAND Vorsitzende: Mag.a Gabi Tremmel-Yakali 7000 Eisenstadt, Permayerstra\u00dfe 2 Telefon: 02682 775 0, Fax: 02682 775 210 Mail: freiheitskaempferinnen.bgld@gmail.com&nbsp; &nbsp; Landesverband K\u00c4RNTEN Vorsitzender: Martin Gressl 9020 Klagenfurt, Bahnhofstra\u00dfe 44 Telefon: 0463 5870-341&nbsp; E-Mail: martin.gressl@gmx.at&nbsp; &nbsp; Landesverband NIEDER\u00d6STERREICH Vorsitzender: Abg. z. N.R.a.D. Anton Heinzl\u2028 gesch\u00e4ftsf. Vorsitzender: GR.a.D. Harald Ludwig 3100 St. P\u00f6lten, Nieder\u00f6sterreich Ring [&hellip;]<\/p>\n","protected":false},"author":2,"featured_media":0,"parent":29,"menu_order":0,"comment_status":"closed","ping_status":"closed","template":"","meta":{"ngg_post_thumbnail":0,"footnotes":""},"class_list":["post-131","page","type-page","status-publish","hentry"],"_links":{"self":[{"href":"https:\/\/www.freiheitskaempfer.at\/index.php?rest_route=\/wp\/v2\/pages\/131","targetHints":{"allow":["GET"]}}],"collection":[{"href":"https:\/\/www.freiheitskaempfer.at\/index.php?rest_route=\/wp\/v2\/pages"}],"about":[{"href":"https:\/\/www.freiheitskaempfer.at\/index.php?rest_route=\/wp\/v2\/types\/page"}],"author":[{"embeddable":true,"href":"https:\/\/www.freiheitskaempfer.at\/index.php?rest_route=\/wp\/v2\/users\/2"}],"replies":[{"embeddable":true,"href":"https:\/\/www.freiheitskaempfer.at\/index.php?rest_route=%2Fwp%2Fv2%2Fcomments&post=131"}],"version-history":[{"count":50,"href":"https:\/\/www.freiheitskaempfer.at\/index.php?rest_route=\/wp\/v2\/pages\/131\/revisions"}],"predecessor-version":[{"id":1918,"href":"https:\/\/www.freiheitskaempfer.at\/index.php?rest_route=\/wp\/v2\/pages\/131\/revisions\/1918"}],"up":[{"embeddable":true,"href":"https:\/\/www.freiheitskaempfer.at\/index.php?rest_route=\/wp\/v2\/pages\/29"}],"wp:attachment":[{"href":"https:\/\/www.freiheitskaempfer.at\/index.php?rest_route=%2Fwp%2Fv2%2Fmedia&parent=131"}],"curies":[{"name":"wp","href":"https:\/\/api.w.org\/{rel}","templated":true}]}}